{"id":41,"date":"2020-12-30T18:43:35","date_gmt":"2020-12-30T18:43:35","guid":{"rendered":"https:\/\/evelyn-kuwertz.berlin\/fr\/?page_id=41"},"modified":"2021-03-04T11:47:18","modified_gmt":"2021-03-04T11:47:18","slug":"expositions-dart-des-femmes","status":"publish","type":"page","link":"https:\/\/evelyn-kuwertz.berlin\/fr\/expositions-dart-des-femmes\/","title":{"rendered":"Expositions d\u2019art des femmes"},"content":{"rendered":"<div class=\"mp-row-fluid motopress-row mpce-dsbl-margin-left mpce-dsbl-margin-right\">\n<div class=\"motopress-clmn mp-span12  mpce-dsbl-margin-left mpce-dsbl-margin-right  motopress-space\">\n<div class=\"motopress-space-obj mpce-dsbl-background-image-type mpce-dsbl-background-image mpce-dsbl-background-gradient mpce-dsbl-background-position mpce-dsbl-background-position-x mpce-dsbl-background-position-y mpce-dsbl-background-repeat mpce-dsbl-background-size mpce-dsbl-background-attachment mpce-dsbl-margin-left mpce-dsbl-margin-right mpce-dsbl-background-color mpce-dsbl-border-top-width mpce-dsbl-border-bottom-width mpce-dsbl-border-left-width mpce-dsbl-border-right-width mpce-dsbl-border-top-left-radius mpce-dsbl-border-top-right-radius mpce-dsbl-border-bottom-left-radius mpce-dsbl-border-bottom-right-radius mpce-dsbl-border-style mpce-dsbl-border-color mpce-dsbl-padding-left mpce-dsbl-padding-right mpce-dsbl-margin-top mpce-dsbl-margin-bottom mpce-dsbl-color\"  style=\"min-height: 25px;\" data-min-height=\"25\"><div><\/div><\/div>\n<\/div>\n<\/div>\n<div class=\"mp-row-fluid motopress-row mpce-dsbl-margin-left mpce-dsbl-margin-right\">\n<div class=\"motopress-clmn mp-span12  mpce-dsbl-margin-left mpce-dsbl-margin-right\">\n<div class=\"mp-row-fluid motopress-row mpce-dsbl-margin-left mpce-dsbl-margin-right\">\n<div class=\"motopress-clmn mp-span12 mpce-dsbl-margin-left mpce-dsbl-margin-right\">\n<div class=\"motopress-code-obj\">\n<h3>Environment<\/h3>\n<h2>Sur la situation des femmes dans la famille<\/h2>\n<h3>Groupe de projet du Universit\u00e9 de Beaux-Arts Berlin<\/h3>\n<\/div>\n<\/div>\n<\/div>\n<div class=\"mp-row-fluid motopress-row mpce-dsbl-margin-left mpce-dsbl-margin-right\">\n<div class=\"motopress-clmn mp-span4 mpce-dsbl-margin-left mpce-dsbl-margin-right\">\n<div class=\"motopress-image-obj motopress-text-align-left\"><img src=\"https:\/\/evelyn-kuwertz.berlin\/fr\/wp-content\/uploads\/sites\/10\/2021\/01\/2a-Gruppe.jpg\" title=\"2a, Gruppe\" alt=\"2a, Gruppe\" class=\"motopress-image-obj-basic mpce-dsbl-margin-left mpce-dsbl-margin-right mpce-dsbl-margin-top mpce-dsbl-margin-bottom\" \/><\/div>\n<\/div>\n<div class=\"motopress-clmn mp-span8 mpce-dsbl-margin-left mpce-dsbl-margin-right\">\n<div class=\"motopress-code-obj\">\n<p>La p\u00e9riode 1968 &#8211; 1974, pendant ses \u00e9tudes au HdK (aujourd&#8217;hui UDK) Berlin, a \u00e9t\u00e9 fa\u00e7onn\u00e9e par les discussions politiques actuelles, combin\u00e9es \u00e0 une nouvelle recherche de sens en tant qu&#8217;artiste.<br \/>Le professeur invit\u00e9, le Dr Georg Kiefer, a donn\u00e9 une conf\u00e9rence sur le travail de projet interdisciplinaire. Sur la base de ses suggestions, nous avons form\u00e9 3 femmes: Antonia Wernery, Brigitte Mauch et moi, le groupe de projet, -l&#8217;\u00e9mancipation des femmes-, avec le titre de travail &#8211; l&#8217;EMMAS-.<\/p>\n<\/div>\n<\/div>\n<\/div>\n<div class=\"mp-row-fluid motopress-row mpce-dsbl-margin-left mpce-dsbl-margin-right\">\n<div class=\"motopress-clmn mp-span12 mpce-dsbl-margin-left mpce-dsbl-margin-right  motopress-space\">\n<div class=\"motopress-space-obj mpce-dsbl-background-image-type mpce-dsbl-background-image mpce-dsbl-background-gradient mpce-dsbl-background-position mpce-dsbl-background-position-x mpce-dsbl-background-position-y mpce-dsbl-background-repeat mpce-dsbl-background-size mpce-dsbl-background-attachment mpce-dsbl-margin-left mpce-dsbl-margin-right mpce-dsbl-background-color mpce-dsbl-border-top-width mpce-dsbl-border-bottom-width mpce-dsbl-border-left-width mpce-dsbl-border-right-width mpce-dsbl-border-top-left-radius mpce-dsbl-border-top-right-radius mpce-dsbl-border-bottom-left-radius mpce-dsbl-border-bottom-right-radius mpce-dsbl-border-style mpce-dsbl-border-color mpce-dsbl-padding-left mpce-dsbl-padding-right mpce-dsbl-margin-top mpce-dsbl-margin-bottom mpce-dsbl-color\"  style=\"min-height: 25px;\" data-min-height=\"25\"><div><\/div><\/div>\n<\/div>\n<\/div>\n<div class=\"mp-row-fluid motopress-row mpce-dsbl-margin-left mpce-dsbl-margin-right\">\n<div class=\"motopress-clmn mp-span12 mpce-dsbl-margin-left mpce-dsbl-margin-right\">\n<div class=\"motopress-code-obj\">\n<h3>La critique id\u00e9ologique a \u00e9t\u00e9 le guide de la visualisation<\/h3>\n<\/div>\n<\/div>\n<\/div>\n<div class=\"mp-row-fluid motopress-row mpce-dsbl-margin-left mpce-dsbl-margin-right\">\n<div class=\"motopress-clmn mp-span12 mpce-dsbl-margin-left mpce-dsbl-margin-right  motopress-space\">\n<div class=\"motopress-space-obj mpce-dsbl-background-image-type mpce-dsbl-background-image mpce-dsbl-background-gradient mpce-dsbl-background-position mpce-dsbl-background-position-x mpce-dsbl-background-position-y mpce-dsbl-background-repeat mpce-dsbl-background-size mpce-dsbl-background-attachment mpce-dsbl-margin-left mpce-dsbl-margin-right mpce-dsbl-background-color mpce-dsbl-border-top-width mpce-dsbl-border-bottom-width mpce-dsbl-border-left-width mpce-dsbl-border-right-width mpce-dsbl-border-top-left-radius mpce-dsbl-border-top-right-radius mpce-dsbl-border-bottom-left-radius mpce-dsbl-border-bottom-right-radius mpce-dsbl-border-style mpce-dsbl-border-color mpce-dsbl-padding-left mpce-dsbl-padding-right mpce-dsbl-margin-top mpce-dsbl-margin-bottom mpce-dsbl-color\"  style=\"min-height: 25px;\" data-min-height=\"25\"><div><\/div><\/div>\n<\/div>\n<\/div>\n<div class=\"mp-row-fluid motopress-row mpce-dsbl-margin-left mpce-dsbl-margin-right\">\n<div class=\"motopress-clmn mp-span4 mpce-dsbl-margin-left mpce-dsbl-margin-right\">\n<div class=\"motopress-image-obj motopress-text-align-left\"><img src=\"https:\/\/evelyn-kuwertz.berlin\/fr\/wp-content\/uploads\/sites\/10\/2021\/01\/4-Mutter.jpg\" title=\"Mutter\" alt=\"Zeichnung, Malerei, Collagen auf Papier \/ Karton\" class=\"motopress-image-obj-basic mpce-dsbl-margin-left mpce-dsbl-margin-right mpce-dsbl-margin-top mpce-dsbl-margin-bottom\" \/><\/div>\n<\/div>\n<div class=\"motopress-clmn mp-span4 mpce-dsbl-margin-left mpce-dsbl-margin-right\">\n<div class=\"motopress-image-obj motopress-text-align-left motopress-margin-bottom-10\"><img src=\"https:\/\/evelyn-kuwertz.berlin\/fr\/wp-content\/uploads\/sites\/10\/2021\/03\/Situation_20-Kopie.jpg\" title=\"Sexualobjekt\" alt=\"Zeichnung, Malerei, Collagen auf Papier \/ Karton\" class=\"motopress-image-obj-basic mpce-dsbl-margin-left mpce-dsbl-margin-right mpce-dsbl-margin-top mpce-dsbl-margin-bottom\" \/><\/div>\n<\/div>\n<div class=\"motopress-clmn mp-span4 mpce-dsbl-margin-left mpce-dsbl-margin-right\">\n<div class=\"motopress-image-obj motopress-text-align-left motopress-margin-bottom-10\"><img src=\"https:\/\/evelyn-kuwertz.berlin\/fr\/wp-content\/uploads\/sites\/10\/2021\/01\/9Hausfrau.jpg\" title=\"Hausfrau\" alt=\"Zeichnung, Malerei, Collagen auf Papier \/ Karton\" class=\"motopress-image-obj-basic mpce-dsbl-margin-left mpce-dsbl-margin-right mpce-dsbl-margin-top mpce-dsbl-margin-bottom\" \/><\/div>\n<\/div>\n<\/div>\n<div class=\"mp-row-fluid motopress-row mpce-dsbl-margin-left mpce-dsbl-margin-right\">\n<div class=\"motopress-clmn mp-span12 mpce-dsbl-margin-left mpce-dsbl-margin-right  motopress-space\">\n<div class=\"motopress-space-obj mpce-dsbl-background-image-type mpce-dsbl-background-image mpce-dsbl-background-gradient mpce-dsbl-background-position mpce-dsbl-background-position-x mpce-dsbl-background-position-y mpce-dsbl-background-repeat mpce-dsbl-background-size mpce-dsbl-background-attachment mpce-dsbl-margin-left mpce-dsbl-margin-right mpce-dsbl-background-color mpce-dsbl-border-top-width mpce-dsbl-border-bottom-width mpce-dsbl-border-left-width mpce-dsbl-border-right-width mpce-dsbl-border-top-left-radius mpce-dsbl-border-top-right-radius mpce-dsbl-border-bottom-left-radius mpce-dsbl-border-bottom-right-radius mpce-dsbl-border-style mpce-dsbl-border-color mpce-dsbl-padding-left mpce-dsbl-padding-right mpce-dsbl-margin-top mpce-dsbl-margin-bottom mpce-dsbl-color\"  style=\"min-height: 25px;\" data-min-height=\"25\"><div><\/div><\/div>\n<\/div>\n<\/div>\n<div class=\"mp-row-fluid motopress-row mpce-dsbl-margin-left mpce-dsbl-margin-right\">\n<div class=\"motopress-clmn mp-span12 mpce-dsbl-margin-left mpce-dsbl-margin-right\">\n<div class=\"motopress-code-obj\">\n<p>Nous avons examin\u00e9 la r\u00e9alit\u00e9 des femmes au travail et dans la famille: nous avons parcouru les statistiques, le droit de la famille et le droit p\u00e9nal et lu la litt\u00e9rature pertinente. Dans un diagramme, nous avons visualis\u00e9 le r\u00e9seau social de l&#8217;\u00e9glise et de l&#8217;\u00c9tat, que les femmes attribuent aux r\u00f4les de m\u00e8re, de femme au foyer, d&#8217;objet sexuel. Nous avons retrouv\u00e9 les m\u00eames st\u00e9r\u00e9otypes dans les images publicitaires. \u00c0 partir de l&#8217;analyse de la publicit\u00e9, nous avons d\u00e9velopp\u00e9 les LIGNES DIRECTRICES des attributions de r\u00f4les dans lesquelles s&#8217;exprime le sexisme des m\u00e9dias de masse. Le diagramme a constitu\u00e9 la base d&#8217;une collection d&#8217;id\u00e9es.<\/p>\n<p>Collection d&#8217;id\u00e9es d&#8217;attribution de r\u00f4le: objet sexuel de la m\u00e8re au foyer<\/p>\n<\/div>\n<\/div>\n<\/div>\n<div class=\"mp-row-fluid motopress-row mpce-dsbl-margin-left mpce-dsbl-margin-right\">\n<div class=\"motopress-clmn mp-span12 mpce-dsbl-margin-left mpce-dsbl-margin-right  motopress-space\">\n<div class=\"motopress-space-obj mpce-dsbl-background-image-type mpce-dsbl-background-image mpce-dsbl-background-gradient mpce-dsbl-background-position mpce-dsbl-background-position-x mpce-dsbl-background-position-y mpce-dsbl-background-repeat mpce-dsbl-background-size mpce-dsbl-background-attachment mpce-dsbl-margin-left mpce-dsbl-margin-right mpce-dsbl-background-color mpce-dsbl-border-top-width mpce-dsbl-border-bottom-width mpce-dsbl-border-left-width mpce-dsbl-border-right-width mpce-dsbl-border-top-left-radius mpce-dsbl-border-top-right-radius mpce-dsbl-border-bottom-left-radius mpce-dsbl-border-bottom-right-radius mpce-dsbl-border-style mpce-dsbl-border-color mpce-dsbl-padding-left mpce-dsbl-padding-right mpce-dsbl-margin-top mpce-dsbl-margin-bottom mpce-dsbl-color\"  style=\"min-height: 25px;\" data-min-height=\"25\"><div><\/div><\/div>\n<\/div>\n<\/div>\n<div class=\"mp-row-fluid motopress-row mpce-dsbl-margin-left mpce-dsbl-margin-right\">\n<div class=\"motopress-clmn mp-span12 mpce-dsbl-margin-left mpce-dsbl-margin-right\">\n<div class=\"motopress-code-obj\">\n<h3>Collectif de femmes dans l&#8217;art<\/h3>\n<\/div>\n<\/div>\n<\/div>\n<div class=\"mp-row-fluid motopress-row mpce-dsbl-margin-left mpce-dsbl-margin-right\">\n<div class=\"motopress-clmn mp-span12 mpce-dsbl-margin-left mpce-dsbl-margin-right  motopress-space\">\n<div class=\"motopress-space-obj mpce-dsbl-background-image-type mpce-dsbl-background-image mpce-dsbl-background-gradient mpce-dsbl-background-position mpce-dsbl-background-position-x mpce-dsbl-background-position-y mpce-dsbl-background-repeat mpce-dsbl-background-size mpce-dsbl-background-attachment mpce-dsbl-margin-left mpce-dsbl-margin-right mpce-dsbl-background-color mpce-dsbl-border-top-width mpce-dsbl-border-bottom-width mpce-dsbl-border-left-width mpce-dsbl-border-right-width mpce-dsbl-border-top-left-radius mpce-dsbl-border-top-right-radius mpce-dsbl-border-bottom-left-radius mpce-dsbl-border-bottom-right-radius mpce-dsbl-border-style mpce-dsbl-border-color mpce-dsbl-padding-left mpce-dsbl-padding-right mpce-dsbl-margin-top mpce-dsbl-margin-bottom mpce-dsbl-color\"  style=\"min-height: 25px;\" data-min-height=\"25\"><div><\/div><\/div>\n<\/div>\n<\/div>\n<div class=\"mp-row-fluid motopress-row mpce-dsbl-margin-left mpce-dsbl-margin-right\">\n<div class=\"motopress-clmn mp-span4 mpce-dsbl-margin-left mpce-dsbl-margin-right\">\n<div class=\"motopress-image-obj motopress-text-align-left\"><img src=\"https:\/\/evelyn-kuwertz.berlin\/fr\/wp-content\/uploads\/sites\/10\/2021\/01\/12-LeitbilderRealitaet.jpg\" title=\"Leitbilder: Realit\u00e4t\" alt=\"Zeichnung, Malerei, Collagen, Siebdrucke auf Papier \/ Karton\" class=\"motopress-image-obj-basic mpce-dsbl-margin-left mpce-dsbl-margin-right mpce-dsbl-margin-top mpce-dsbl-margin-bottom\" \/><\/div>\n<\/div>\n<div class=\"motopress-clmn mp-span3 mpce-dsbl-margin-left mpce-dsbl-margin-right\">\n<div class=\"motopress-image-obj motopress-text-align-left motopress-margin-bottom-10\"><img src=\"https:\/\/evelyn-kuwertz.berlin\/fr\/wp-content\/uploads\/sites\/10\/2021\/01\/13-werbung.jpg\" title=\"Werbung\" alt=\"Zeichnung, Malerei, Collagen, Siebdrucke auf Papier \/ Karton\" class=\"motopress-image-obj-basic mpce-dsbl-margin-left mpce-dsbl-margin-right mpce-dsbl-margin-top mpce-dsbl-margin-bottom\" \/><\/div>\n<\/div>\n<div class=\"motopress-clmn mp-span5 mpce-dsbl-margin-left mpce-dsbl-margin-right\">\n<div class=\"motopress-image-obj motopress-text-align-left motopress-margin-bottom-10\"><img src=\"https:\/\/evelyn-kuwertz.berlin\/fr\/wp-content\/uploads\/sites\/10\/2021\/01\/8-Konkurrenz-.jpg\" title=\"8) Konkurrenz\" alt=\"8) Konkurrenz\" class=\"motopress-image-obj-basic mpce-dsbl-margin-left mpce-dsbl-margin-right mpce-dsbl-margin-top mpce-dsbl-margin-bottom\" \/><\/div>\n<\/div>\n<\/div>\n<div class=\"mp-row-fluid motopress-row mpce-dsbl-margin-left mpce-dsbl-margin-right\">\n<div class=\"motopress-clmn mp-span12 mpce-dsbl-margin-left mpce-dsbl-margin-right  motopress-space\">\n<div class=\"motopress-space-obj mpce-dsbl-background-image-type mpce-dsbl-background-image mpce-dsbl-background-gradient mpce-dsbl-background-position mpce-dsbl-background-position-x mpce-dsbl-background-position-y mpce-dsbl-background-repeat mpce-dsbl-background-size mpce-dsbl-background-attachment mpce-dsbl-margin-left mpce-dsbl-margin-right mpce-dsbl-background-color mpce-dsbl-border-top-width mpce-dsbl-border-bottom-width mpce-dsbl-border-left-width mpce-dsbl-border-right-width mpce-dsbl-border-top-left-radius mpce-dsbl-border-top-right-radius mpce-dsbl-border-bottom-left-radius mpce-dsbl-border-bottom-right-radius mpce-dsbl-border-style mpce-dsbl-border-color mpce-dsbl-padding-left mpce-dsbl-padding-right mpce-dsbl-margin-top mpce-dsbl-margin-bottom mpce-dsbl-color\"  style=\"min-height: 25px;\" data-min-height=\"25\"><div><\/div><\/div>\n<\/div>\n<\/div>\n<div class=\"mp-row-fluid motopress-row mpce-dsbl-margin-left mpce-dsbl-margin-right\">\n<div class=\"motopress-clmn mp-span12 mpce-dsbl-margin-left mpce-dsbl-margin-right\">\n<div class=\"motopress-code-obj\">\n<p>Nous voulions combiner d\u00e9veloppement personnel et travail artistique en tant que collectif. Les id\u00e9es et croquis respectifs ont \u00e9t\u00e9 discut\u00e9s ensemble et ensuite trait\u00e9s artistiquement. Bien que nous ayons eu des \u00e9critures et des pr\u00e9f\u00e9rences artistiques diff\u00e9rentes, il n&#8217;y a jamais eu de conflit. Au contraire, nous avons toujours \u00e9t\u00e9 ouverts aux interventions et aux changements mutuels afin d&#8217;\u00e9laborer la visualisation la plus appropri\u00e9e.<br \/>Nous avons exp\u00e9riment\u00e9 le dessin, la peinture, le collage et la s\u00e9rigraphie. Sur le plan formel, nous avons \u00e9galement exp\u00e9riment\u00e9 les styles: r\u00e9alisme critique, collages DaDa, poup\u00e9es et objets, techniques d&#8217;assemblage et Pop Art actuel.<\/p>\n<\/div>\n<\/div>\n<\/div>\n<div class=\"mp-row-fluid motopress-row mpce-dsbl-margin-left mpce-dsbl-margin-right\">\n<div class=\"motopress-clmn mp-span4 mpce-dsbl-margin-left mpce-dsbl-margin-right\">\n<div class=\"motopress-image-obj motopress-text-align-left motopress-margin-bottom-10\"><img src=\"https:\/\/evelyn-kuwertz.berlin\/fr\/wp-content\/uploads\/sites\/10\/2021\/01\/15-Siebdruck-scaled.jpg\" title=\"Siebdruck\" alt=\"Zeichnung, Malerei, Collagen, Siebdrucke auf Papier \/ Karton\" class=\"motopress-image-obj-basic mpce-dsbl-margin-left mpce-dsbl-margin-right mpce-dsbl-margin-top mpce-dsbl-margin-bottom\" \/><\/div>\n<\/div>\n<div class=\"motopress-clmn mp-span4 mpce-dsbl-margin-left mpce-dsbl-margin-right\">\n<div class=\"motopress-image-obj motopress-text-align-left\"><img src=\"https:\/\/evelyn-kuwertz.berlin\/fr\/wp-content\/uploads\/sites\/10\/2021\/01\/16-Siebdruck-scaled.jpg\" title=\"Siebdruck\" alt=\"Zeichnung, Malerei, Collagen, Siebdrucke auf Papier \/ Karton\" class=\"motopress-image-obj-basic mpce-dsbl-margin-left mpce-dsbl-margin-right mpce-dsbl-margin-top mpce-dsbl-margin-bottom\" \/><\/div>\n<\/div>\n<div class=\"motopress-clmn mp-span4 mpce-dsbl-margin-left mpce-dsbl-margin-right\">\n<div class=\"motopress-image-obj motopress-text-align-left\"><img src=\"https:\/\/evelyn-kuwertz.berlin\/fr\/wp-content\/uploads\/sites\/10\/2021\/01\/Situation_5-792x1024.jpg\" title=\"Situation_5\" alt=\"Situation_5\" class=\"motopress-image-obj-basic mpce-dsbl-margin-left mpce-dsbl-margin-right mpce-dsbl-margin-top mpce-dsbl-margin-bottom\" \/><\/div>\n<\/div>\n<\/div>\n<div class=\"mp-row-fluid motopress-row mpce-dsbl-margin-left mpce-dsbl-margin-right\">\n<div class=\"motopress-clmn mp-span12 mpce-dsbl-margin-left mpce-dsbl-margin-right  motopress-space\">\n<div class=\"motopress-space-obj mpce-dsbl-background-image-type mpce-dsbl-background-image mpce-dsbl-background-gradient mpce-dsbl-background-position mpce-dsbl-background-position-x mpce-dsbl-background-position-y mpce-dsbl-background-repeat mpce-dsbl-background-size mpce-dsbl-background-attachment mpce-dsbl-margin-left mpce-dsbl-margin-right mpce-dsbl-background-color mpce-dsbl-border-top-width mpce-dsbl-border-bottom-width mpce-dsbl-border-left-width mpce-dsbl-border-right-width mpce-dsbl-border-top-left-radius mpce-dsbl-border-top-right-radius mpce-dsbl-border-bottom-left-radius mpce-dsbl-border-bottom-right-radius mpce-dsbl-border-style mpce-dsbl-border-color mpce-dsbl-padding-left mpce-dsbl-padding-right mpce-dsbl-margin-top mpce-dsbl-margin-bottom mpce-dsbl-color\"  style=\"min-height: 25px;\" data-min-height=\"25\"><div><\/div><\/div>\n<\/div>\n<\/div>\n<div class=\"mp-row-fluid motopress-row mpce-dsbl-margin-left mpce-dsbl-margin-right\">\n<div class=\"motopress-clmn mp-span12 mpce-dsbl-margin-left mpce-dsbl-margin-right\">\n<div class=\"motopress-code-obj\">\n<h3>Environment 1973<\/h3>\n<\/div>\n<\/div>\n<\/div>\n<div class=\"mp-row-fluid motopress-row mpce-dsbl-margin-left mpce-dsbl-margin-right\">\n<div class=\"motopress-clmn mp-span4 mpce-dsbl-margin-left mpce-dsbl-margin-right\">\n<div class=\"motopress-image-obj motopress-text-align-left\"><img src=\"https:\/\/evelyn-kuwertz.berlin\/fr\/wp-content\/uploads\/sites\/10\/2021\/01\/2b-Modell.jpg\" title=\"2b, Modell\" alt=\"2b, Modell\" class=\"motopress-image-obj-basic mpce-dsbl-margin-left mpce-dsbl-margin-right mpce-dsbl-margin-top mpce-dsbl-margin-bottom\" \/><\/div>\n<\/div>\n<div class=\"motopress-clmn mp-span8 mpce-dsbl-margin-left mpce-dsbl-margin-right\">\n<div class=\"motopress-code-obj\">\n<div class=\"page\" title=\"Page 4\">\n<div class=\"section\">\n<div class=\"layoutArea\">\n<div class=\"column\">\n<p>L&#8217;ide\u0301e est ne\u0301e de mettre en \u0153uvre le contenu dans un environnement. L&#8217;analyse publicitaire doit e\u0302tre inte\u0301gre\u0301e a\u0300 l&#8217;ensemble sous forme de projection de diapositives.\u00a0L&#8217;exposition a e\u0301te\u0301 acheve\u0301e en 1973.<\/p>\n<\/div>\n<\/div>\n<\/div>\n<\/div>\n<\/div>\n<\/div>\n<\/div>\n<div class=\"mp-row-fluid motopress-row mpce-dsbl-margin-left mpce-dsbl-margin-right\">\n<div class=\"motopress-clmn mp-span12 mpce-dsbl-margin-left mpce-dsbl-margin-right  motopress-space\">\n<div class=\"motopress-space-obj mpce-dsbl-background-image-type mpce-dsbl-background-image mpce-dsbl-background-gradient mpce-dsbl-background-position mpce-dsbl-background-position-x mpce-dsbl-background-position-y mpce-dsbl-background-repeat mpce-dsbl-background-size mpce-dsbl-background-attachment mpce-dsbl-margin-left mpce-dsbl-margin-right mpce-dsbl-background-color mpce-dsbl-border-top-width mpce-dsbl-border-bottom-width mpce-dsbl-border-left-width mpce-dsbl-border-right-width mpce-dsbl-border-top-left-radius mpce-dsbl-border-top-right-radius mpce-dsbl-border-bottom-left-radius mpce-dsbl-border-bottom-right-radius mpce-dsbl-border-style mpce-dsbl-border-color mpce-dsbl-padding-left mpce-dsbl-padding-right mpce-dsbl-margin-top mpce-dsbl-margin-bottom mpce-dsbl-color\"  style=\"min-height: 25px;\" data-min-height=\"25\"><div><\/div><\/div>\n<\/div>\n<\/div>\n<div class=\"mp-row-fluid motopress-row mpce-dsbl-margin-left mpce-dsbl-margin-right\">\n<div class=\"motopress-clmn mp-span12 mpce-dsbl-margin-left mpce-dsbl-margin-right\">\n<div class=\"motopress-code-obj\">\n<h3>Environnement et censure de l&#8217;exposition<\/h3>\n<\/div>\n<\/div>\n<\/div>\n<div class=\"mp-row-fluid motopress-row mpce-dsbl-margin-left mpce-dsbl-margin-right\">\n<div class=\"motopress-clmn mp-span6 mpce-dsbl-margin-left mpce-dsbl-margin-right\">\n<div class=\"motopress-code-obj motopress-margin-bottom-25\">\n<div class=\"page\" title=\"Page 4\">\n<div class=\"section\">\n<div class=\"layoutArea\">\n<div class=\"column\">\n<p>L&#8217;exposition promise pour fe\u0301vrier 1973 dans la Landesbildstelle, Berlin a e\u0301te\u0301 annule\u0301e peu de temps avant l&#8217;ouverture par le se\u0301nateur de l&#8217;e\u0301cole Lo\u0308ffler en raison de pre\u0301occupations morales.<br \/>La sce\u0300ne du viol domestique a e\u0301te\u0301 a\u0300 l&#8217;origine de l&#8217;interdiction de l&#8217;exposition dans les espaces publics.<\/p>\n<p>Spontane\u0301ment, sans autorisation officielle, nous avons installe\u0301 l&#8217;exposition dans le hall d&#8217;entre\u0301e du HdK pendant une journe\u0301e, contrairement aux attentes, la re\u0301ponse de la presse a e\u0301te\u0301 excellente 10.2. le BZ a publie\u0301 la se\u0301quence \u00abinterdite\u00bb en premie\u0300re page.<\/p>\n<\/div>\n<\/div>\n<\/div>\n<\/div>\n<\/div>\n<\/div>\n<div class=\"motopress-clmn mp-span6 mpce-dsbl-margin-left mpce-dsbl-margin-right\">\n<div class=\"motopress-image-obj motopress-text-align-left motopress-margin-left-0\"><img src=\"https:\/\/evelyn-kuwertz.berlin\/fr\/wp-content\/uploads\/sites\/10\/2021\/01\/Environment.jpg\" title=\"Environment\" alt=\"Environment\" class=\"motopress-image-obj-basic mpce-dsbl-margin-left mpce-dsbl-margin-right mpce-dsbl-margin-top mpce-dsbl-margin-bottom\" \/><\/div>\n<\/div>\n<\/div>\n<div class=\"mp-row-fluid motopress-row mpce-dsbl-margin-left mpce-dsbl-margin-right\">\n<div class=\"motopress-clmn mp-span12 mpce-dsbl-margin-left mpce-dsbl-margin-right  motopress-space\">\n<div class=\"motopress-space-obj mpce-dsbl-background-image-type mpce-dsbl-background-image mpce-dsbl-background-gradient mpce-dsbl-background-position mpce-dsbl-background-position-x mpce-dsbl-background-position-y mpce-dsbl-background-repeat mpce-dsbl-background-size mpce-dsbl-background-attachment mpce-dsbl-margin-left mpce-dsbl-margin-right mpce-dsbl-background-color mpce-dsbl-border-top-width mpce-dsbl-border-bottom-width mpce-dsbl-border-left-width mpce-dsbl-border-right-width mpce-dsbl-border-top-left-radius mpce-dsbl-border-top-right-radius mpce-dsbl-border-bottom-left-radius mpce-dsbl-border-bottom-right-radius mpce-dsbl-border-style mpce-dsbl-border-color mpce-dsbl-padding-left mpce-dsbl-padding-right mpce-dsbl-margin-top mpce-dsbl-margin-bottom mpce-dsbl-color\"  style=\"min-height: 25px;\" data-min-height=\"25\"><div><\/div><\/div>\n<\/div>\n<\/div>\n<div class=\"mp-row-fluid motopress-row mpce-dsbl-margin-left mpce-dsbl-margin-right\">\n<div class=\"motopress-clmn mp-span12 mpce-dsbl-margin-left mpce-dsbl-margin-right\">\n<div class=\"motopress-code-obj\">\n<h3>Style artistique d&#8217;agitation par provocation<\/h3>\n<\/div>\n<\/div>\n<\/div>\n<div class=\"mp-row-fluid motopress-row mpce-dsbl-margin-left mpce-dsbl-margin-right\">\n<div class=\"motopress-clmn mp-span7 mpce-dsbl-margin-left mpce-dsbl-margin-right\">\n<div class=\"motopress-code-obj\">\n<div class=\"page\" title=\"Page 4\">\n<div class=\"section\">\n<div class=\"layoutArea\">\n<div class=\"column\">\n<p>Notre pre\u0301tention a\u0300 l&#8217;agitation par la provocation a rencontre\u0301 un malentendu parmi beaucoup. L&#8217;exposition a e\u0301galement suscite\u0301 la controverse parmi les fe\u0301ministes, qui ont trouve\u0301 les repre\u0301sentations des femmes trop laides. Ils ont exige\u0301 des chiffres d&#8217;identification \u00abpositifs\u00bb.<\/p>\n<\/div>\n<\/div>\n<\/div>\n<\/div>\n<div class=\"page\" title=\"Page 5\">\n<div class=\"section\">\n<div class=\"layoutArea\">\n<div class=\"column\">\n<p>Le potentiel provocateur de ce travail n&#8217;e\u0301tait pas seulement dirige\u0301 contre les structures patriarcales, mais devrait aussi e\u0302tre dirige\u0301 contre notre conditionnement en tant que femmes: a\u0300 travers la de\u0301construction de strate\u0301gies et de mode\u0300les \u00abfe\u0301minins\u00bb.<\/p>\n<\/div>\n<\/div>\n<\/div>\n<\/div>\n<\/div>\n<\/div>\n<div class=\"motopress-clmn mp-span5 mpce-dsbl-margin-left mpce-dsbl-margin-right\">\n<div class=\"motopress-image-obj motopress-text-align-left\"><img src=\"https:\/\/evelyn-kuwertz.berlin\/fr\/wp-content\/uploads\/sites\/10\/2021\/01\/19-ausstellung-Hdk.jpg\" title=\"Ausstellung am 09.02.1973\" alt=\"Foyer, Hochschule der K\u00fcnste Berlin\" class=\"motopress-image-obj-basic mpce-dsbl-margin-left mpce-dsbl-margin-right mpce-dsbl-margin-top mpce-dsbl-margin-bottom\" \/><\/div>\n<\/div>\n<\/div>\n<div class=\"mp-row-fluid motopress-row mpce-dsbl-margin-left mpce-dsbl-margin-right\">\n<div class=\"motopress-clmn mp-span12 mpce-dsbl-margin-left mpce-dsbl-margin-right  motopress-space\">\n<div class=\"motopress-space-obj mpce-dsbl-background-image-type mpce-dsbl-background-image mpce-dsbl-background-gradient mpce-dsbl-background-position mpce-dsbl-background-position-x mpce-dsbl-background-position-y mpce-dsbl-background-repeat mpce-dsbl-background-size mpce-dsbl-background-attachment mpce-dsbl-margin-left mpce-dsbl-margin-right mpce-dsbl-background-color mpce-dsbl-border-top-width mpce-dsbl-border-bottom-width mpce-dsbl-border-left-width mpce-dsbl-border-right-width mpce-dsbl-border-top-left-radius mpce-dsbl-border-top-right-radius mpce-dsbl-border-bottom-left-radius mpce-dsbl-border-bottom-right-radius mpce-dsbl-border-style mpce-dsbl-border-color mpce-dsbl-padding-left mpce-dsbl-padding-right mpce-dsbl-margin-top mpce-dsbl-margin-bottom mpce-dsbl-color\"  style=\"min-height: 25px;\" data-min-height=\"25\"><div><\/div><\/div>\n<\/div>\n<\/div>\n<div class=\"mp-row-fluid motopress-row mpce-dsbl-margin-left mpce-dsbl-margin-right\">\n<div class=\"motopress-clmn mp-span12 mpce-dsbl-margin-left mpce-dsbl-margin-right\">\n<div class=\"motopress-code-obj motopress-margin-bottom-25\">\n<h3>Expos\u00e9 jusqu&#8217;\u00e0 pr\u00e9sent:<\/h3>\n<ul>\n<li><strong>1973<\/strong> S\u00c9MINAIRE INTERNATIONAL DU FILM F\u00c9MININ, Berlin<\/li>\n<li><strong>1975-76<\/strong> Groupe de femmes protestantes. Centres pour femmes \u00e0 Berlin et en RFA.<\/li>\n<li><strong>1977<\/strong> UNE VUE CRITIQUE &#8211; UGLY REALISM 20S &#8211; 70S, Londres<\/li>\n<li><strong>1979<\/strong> A CRITICAL VIEW &#8211; UGLY REALISM 20S &#8211; 70S, London<\/li>\n<li><strong>1991<\/strong> MUS\u00c9E DES FEMMES, Bonn<\/li>\n<\/ul>\n<\/div>\n<\/div>\n<\/div>\n<div class=\"mp-row-fluid motopress-row mpce-dsbl-margin-left mpce-dsbl-margin-right\">\n<div class=\"motopress-clmn mp-span12 mpce-dsbl-margin-left mpce-dsbl-margin-right\">\n<div class=\"motopress-code-obj\">\n<div class=\"page\" title=\"Page 5\">\n<div class=\"section\">\n<div class=\"layoutArea\">\n<div class=\"column\">\n<p>Je voudrais me re\u0301fe\u0301rer a\u0300 la publication du Dr. MONIKA KAISER -Nouvelles Occupation des Espace d\u2018art&#8211; publie\u0301 dans l&#8217;e\u0301dition de muse\u0301e -transcript<\/p>\n<\/div>\n<\/div>\n<\/div>\n<\/div>\n<\/div>\n<\/div>\n<\/div>\n<div class=\"mp-row-fluid motopress-row mpce-dsbl-margin-left mpce-dsbl-margin-right\">\n<div class=\"motopress-clmn mp-span12 mpce-dsbl-margin-left mpce-dsbl-margin-right  motopress-space\">\n<div class=\"motopress-space-obj mpce-dsbl-background-image-type mpce-dsbl-background-image mpce-dsbl-background-gradient mpce-dsbl-background-position mpce-dsbl-background-position-x mpce-dsbl-background-position-y mpce-dsbl-background-repeat mpce-dsbl-background-size mpce-dsbl-background-attachment mpce-dsbl-margin-left mpce-dsbl-margin-right mpce-dsbl-background-color mpce-dsbl-border-top-width mpce-dsbl-border-bottom-width mpce-dsbl-border-left-width mpce-dsbl-border-right-width mpce-dsbl-border-top-left-radius mpce-dsbl-border-top-right-radius mpce-dsbl-border-bottom-left-radius mpce-dsbl-border-bottom-right-radius mpce-dsbl-border-style mpce-dsbl-border-color mpce-dsbl-padding-left mpce-dsbl-padding-right mpce-dsbl-margin-top mpce-dsbl-margin-bottom mpce-dsbl-color\"  style=\"min-height: 50px;\" data-min-height=\"50\"><div><\/div><\/div>\n<\/div>\n<\/div>\n<div class=\"mp-row-fluid motopress-row mpce-dsbl-margin-left mpce-dsbl-margin-right\">\n<div class=\"motopress-clmn mp-span12 mpce-dsbl-margin-left mpce-dsbl-margin-right\">\n<div class=\"motopress-code-obj\">\n<h2>FEMME ARTISTS INTERNATIONAL 1877-1977<\/h2>\n<h3>Exposition d&#8217;art f\u00e9ministe en Allemagne Berlin et Francfort<\/h3>\n<\/div>\n<\/div>\n<\/div>\n<div class=\"mp-row-fluid motopress-row mpce-dsbl-margin-left mpce-dsbl-margin-right\">\n<div class=\"motopress-clmn mp-span12 mpce-dsbl-margin-left mpce-dsbl-margin-right\">\n<div class=\"motopress-embed-obj fill-space\"><div class=\"su-expand su-expand-collapsed su-expand-link-style-default\" data-height=\"140\"><div class=\"su-expand-content su-u-trim\" style=\"color:#333333;max-height:140px;overflow:hidden\">Depuis le d\u00e9but j'ai \u00e9t\u00e9 co-initiateur, lors de la phase de planification, de la mise en place du groupe de projet sur une p\u00e9riode de 4 ans activement impliqu\u00e9 dans la r\u00e9alisation du catalogue et de l'exposition en 1977 \u00e0 l'orangerie Schloss Charlottenburg. La premi\u00e8re exposition d'art internationale f\u00e9ministe en Allemagne Berlin, a \u00e9t\u00e9 d\u00e9velopp\u00e9e en tant que collectif.L\u2019indignation des professeurs face au m\u00e9pris de l\u2019art f\u00e9minin a \u00e9t\u00e9 la motivation pour Antonia Wernery et moi, toutes deux \u00e9tudiantes \u00e0 la ma\u00eetrise en peinture, \u00e0 soutenir un projet artistique f\u00e9minin. Nous avons rencontr\u00e9 la peintre Sarah Schumann, \u00e9galement membre du groupe de femmes Bread and Roses. Ce qu'ils avaient en commun \u00e9tait une \u00e9valuation critique de la position des femmes dans l'art et de la n\u00e9cessit\u00e9 qui en r\u00e9sulte de faire campagne pour le changement. En 1973, l'id\u00e9e de cette exposition est n\u00e9e et un concept d'exposition a \u00e9t\u00e9 d\u00e9velopp\u00e9. La peintre Ursula Bierther, qui venait \u00e9galement de terminer ses \u00e9tudes de peinture au HdK, nous a rejoints.<br><br>Pour la r\u00e9alisation, nous nous sommes tourn\u00e9s vers la New Society for Fine Arts. Lorsque le projet a \u00e9t\u00e9 pr\u00e9sent\u00e9 \u00e0 l'Assembl\u00e9e g\u00e9n\u00e9rale (1974), il a \u00e9t\u00e9 rejet\u00e9. En mobilisant des camarades de campagne, le projet \"Femmes Artistes 1877-1977\" a \u00e9t\u00e9 accept\u00e9 dans une seconde tentative et le groupe de travail \"Femmes et Art\" a pu \u00eatre mis en place. D'autres femmes ont rejoint le groupe: les savantes allemandes Karen Peterson, Inge Schumacher, la biblioth\u00e9caire Petra Z\u00f6felt et l'historienne de l'art Ulrike Stelzel. Ensemble nous avons travaill\u00e9 de mani\u00e8re th\u00e9matique distribu\u00e9e sur la recherche et la r\u00e9alisation de l'exposition et du catalogue associ\u00e9 jusqu'au vernissage en mars 1977. En raison de l'abondance du mat\u00e9riel, les objets expos\u00e9s se sont r\u00e9partis sur plusieurs lieux d'exposition: l'orangerie, le ch\u00e2teau de Charlottenburg, les salles du NGBK et \u00e0 la biblioth\u00e8que d'art de Berlin-Charlottenburg. L'argent des fonds de loterie a \u00e9t\u00e9 utilis\u00e9 pour couvrir les frais de transport, d'assurance et de production de catalogues. Le travail des femmes du groupe de projet sur la recherche, l'organisation, la maintenance du catalogue et les contributions au catalogue ainsi que la mise en place de l'exposition n'a pas \u00e9t\u00e9 r\u00e9mun\u00e9r\u00e9.<br><br>C'\u00e9tait une \u00e9poque de nouveaux d\u00e9parts, du mouvement f\u00e9ministe et ce projet n'aurait pas \u00e9t\u00e9 possible sans l'aide de militantes engag\u00e9es, e. B. Helke Sander, Renate Gerhard, Gesine Strempel et bien d'autres qui ont soutenu notre projet avec des informations. Le fait que nous ayons pu exposer des \u0153uvres de Frida Kahlo pour la premi\u00e8re fois en Allemagne est gr\u00e2ce \u00e0 Verena Stefan. Lors d'un voyage au Mexique, elle a visit\u00e9 le studio de Frida Kahlo et nous a apport\u00e9 du mat\u00e9riel d'information. Nous avons ainsi pu \u00e9tablir des contacts et emprunter la femme anticipatrice \/ autoportrait qui est au c\u0153ur de son travail. Il y a eu \u00e9galement un \u00e9change international de recherches f\u00e9ministes sur l'histoire, l'art des femmes et aussi avec des femmes artistes sur leurs actions et publications actuelles, principalement des pays occidentaux d'Europe et des \u00c9tats-Unis.<br><br>Je voudrais me r\u00e9f\u00e9rer \u00e0 la publication du Dr. MONIKA KAISER - NOUVELLES OCCUPATIONS DES KUNST-RAUMES- Publi\u00e9 dans le mus\u00e9e de l'\u00e9dition -transcript. Dans ce travail th\u00e9orique de l'art, l'exposition est d\u00e9crite en d\u00e9tail et sa r\u00e9ception dans les m\u00e9dias et divers publics et le contexte du mouvement artistique f\u00e9ministe est \u00e9tabli.<\/div><div class=\"su-expand-link su-expand-link-more\" style=\"text-align:left\"><a href=\"javascript:;\" style=\"color:#0088FF;border-color:#0088FF\"><span style=\"border-color:#0088FF\">Mehr anzeigen<\/span><\/a><\/div><div class=\"su-expand-link su-expand-link-less\" style=\"text-align:left\"><a href=\"javascript:;\" style=\"color:#0088FF;border-color:#0088FF\"><span style=\"border-color:#0088FF\">Weniger anzeigen<\/span><\/a><\/div><\/div><\/div>\n<\/div>\n<\/div>\n<div class=\"mp-row-fluid motopress-row mpce-dsbl-margin-left mpce-dsbl-margin-right\">\n<div class=\"motopress-clmn mp-span12 mpce-dsbl-margin-left mpce-dsbl-margin-right  motopress-space\">\n<div class=\"motopress-space-obj mpce-dsbl-background-image-type mpce-dsbl-background-image mpce-dsbl-background-gradient mpce-dsbl-background-position mpce-dsbl-background-position-x mpce-dsbl-background-position-y mpce-dsbl-background-repeat mpce-dsbl-background-size mpce-dsbl-background-attachment mpce-dsbl-margin-left mpce-dsbl-margin-right mpce-dsbl-background-color mpce-dsbl-border-top-width mpce-dsbl-border-bottom-width mpce-dsbl-border-left-width mpce-dsbl-border-right-width mpce-dsbl-border-top-left-radius mpce-dsbl-border-top-right-radius mpce-dsbl-border-bottom-left-radius mpce-dsbl-border-bottom-right-radius mpce-dsbl-border-style mpce-dsbl-border-color mpce-dsbl-padding-left mpce-dsbl-padding-right mpce-dsbl-margin-top mpce-dsbl-margin-bottom mpce-dsbl-color\"  style=\"min-height: 25px;\" data-min-height=\"25\"><div><\/div><\/div>\n<\/div>\n<\/div>\n<\/div>\n<\/div>\n<div class=\"mp-row-fluid motopress-row mpce-dsbl-margin-left mpce-dsbl-margin-right\">\n<div class=\"motopress-clmn mp-span12  mpce-dsbl-margin-left mpce-dsbl-margin-right\">\n<div class=\"mp-row-fluid motopress-row mpce-dsbl-margin-left mpce-dsbl-margin-right\">\n<div class=\"motopress-clmn mp-span12 mpce-dsbl-margin-left mpce-dsbl-margin-right\">\n<div class=\"motopress-code-obj\">\n<h2>LE MUS\u00c9E CACH\u00c9 1985-87<\/h2>\n<h3>2. Exposition d&#8217;art f\u00e9ministe \u00e0 Berlin et Oberhausen<\/h3>\n<p><strong>R\u00e9vision et souvenir<\/strong><\/p>\n<\/div>\n<\/div>\n<\/div>\n<div class=\"mp-row-fluid motopress-row mpce-dsbl-margin-left mpce-dsbl-margin-right\">\n<div class=\"motopress-clmn mp-span5 mpce-dsbl-margin-left mpce-dsbl-margin-right\">\n<div class=\"motopress-image-obj motopress-text-align-left\"><img src=\"https:\/\/evelyn-kuwertz.berlin\/fr\/wp-content\/uploads\/sites\/10\/2021\/01\/Vereinsgruendung-Verborgenes-Museum-Scan-7.jpg\" title=\"Vereinsgr\u00fcndung Verborgenes Museum Scan 7\" alt=\"Birgit Kleber (Fotografin), Prof.,Dr. Tina Th\u00fcrmer-Rohr (Dozentin), Evelyn Kuwertz (Malerin), Alexandra Goy (Anw\u00e4ltin), Gisela Breitling (Malerin, Autorin)\" class=\"motopress-image-obj-basic mpce-dsbl-margin-left mpce-dsbl-margin-right mpce-dsbl-margin-top mpce-dsbl-margin-bottom\" \/><p class=\"motopress-image-caption\">Birgit Kleber (Fotografin), Prof.,Dr. Tina Th\u00fcrmer-Rohr (Dozentin), Evelyn Kuwertz (Malerin), Alexandra Goy (Anw\u00e4ltin), Gisela Breitling (Malerin, Autorin)<\/p><\/div>\n<\/div>\n<div class=\"motopress-clmn mp-span7 mpce-dsbl-margin-left mpce-dsbl-margin-right\">\n<div class=\"motopress-embed-obj fill-space\"><div class=\"su-expand su-expand-collapsed su-expand-link-style-default\" data-height=\"330\"><div class=\"su-expand-content su-u-trim\" style=\"color:#333333;max-height:330px;overflow:hidden\">Avec Gisela Breitling, j'ai \u00e9t\u00e9 connect\u00e9 \u00e0 un \u00e9change intensif, qui a conduit \u00e0 une collaboration \u00e0 long terme dans laquelle nous avons r\u00e9alis\u00e9 l'exposition -Das Verborgene Museum- et en 1987\/88 \u00e0 l'Akademie der K\u00fcnste Berlin, qui a \u00e9t\u00e9 r\u00e9alis\u00e9e dans le cadre du 750e anniversaire \u00e0 Berlin. Par la suite, l'association \"Das Verborgene Museum\" a \u00e9t\u00e9 fond\u00e9e.<br><br><h3>Pr\u00e9paratifs du projet d'exposition pour le 750e anniversaire \u00e0 Berlin<\/h3>Gisela et moi \u00e9tions d'avis qu'en plus des nombreux projets pour le 750e anniversaire \u00e0 Berlin, il devrait \u00e9galement y avoir un projet artistique f\u00e9minin. Nous avons voulu nous orienter sur le travail individuel des femmes artistes afin de d\u00e9couvrir sa diversit\u00e9 et de la rendre publique. En mettant l'accent sur les formats classiques: peinture, graphisme et sculpture. Le projet devrait travailler sur la situation des artistes et aussi avoir un lien avec Berlin.<br><br><h3>Le mus\u00e9e cach\u00e9, un projet politique.<\/h3>Pour Gisela et moi, le manque de femmes dans l'art \u00e9tait un probl\u00e8me politique. Nous avons d\u00e9cid\u00e9 de rechercher dans les collections publiques de Berlin des \u0153uvres de femmes. Puisque nous avons suppos\u00e9 que les \u0153uvres acquises des femmes, le cas \u00e9ch\u00e9ant, \u00e9taient dans les archives. Les \u0153uvres existent non d\u00e9couvertes et \u00e9parpill\u00e9es dans le noir - le titre provisoire a \u00e9t\u00e9 cr\u00e9\u00e9: LE MUS\u00c9E CACH\u00c9.Nous avons pos\u00e9 les questions suivantes: selon les crit\u00e8res selon lesquels les \u0153uvres des femmes ont \u00e9t\u00e9 collect\u00e9es, quelle est leur part dans la production artistique - hier et aujourd'hui - et comment les mus\u00e9es rendent-ils justice \u00e0 cette part.<br><br>Avec le concept de recherche dans les mus\u00e9es de Berlin et une exposition de ces \u0153uvres, nous nous sommes tourn\u00e9s vers la New Society for Fine Art ( NGBK ), dans le cadre de laquelle le projet devait \u00eatre r\u00e9alis\u00e9.Par rapport au projet - Femmes Artists International -, nous avions l\u2019avantage d\u2019\u00eatre le deuxi\u00e8me projet f\u00e9minist et apr\u00e8s son grand succ\u00e8s public, le sujet ne pouvait plus \u00eatre rejet\u00e9 comme \u00abinsignifiant\u00bb. N\u00e9anmoins, le fait qu'une analyse et une exposition aient \u00e9t\u00e9 initi\u00e9es par deux artistes a suscit\u00e9 du scepticisme. Semblable \u00e0 - K\u00fcnstlerinnen International - notre comp\u00e9tence a \u00e9t\u00e9 remise en question. Le v\u00e9ritable artiste doit \u00eatre apolitique. Comme si l'ing\u00e9niosit\u00e9 se m\u00ealait \u00e0 un monde \u00e9tranger. L'histoire de l'art prouve le contraire, les processus innovants dans l'art ont \u00e9galement eu un effet soci\u00e9tal. Le fait que la politique g\u00e2te l'art est un \u00e9loge empoisonn\u00e9, elle divise et manipule.<br><br>De nombreuses initiatives sont dues \u00e0 l'ing\u00e9niosit\u00e9 de \u00abdilletanten\u00bb, qui avait une vision non d\u00e9guis\u00e9e de la question et qui avait une attitude terre-\u00e0-terre pour faire face \u00e0 la r\u00e9alit\u00e9. Mais le temps avait chang\u00e9 et nous avons rencontr\u00e9 des coll\u00e8gues comp\u00e9tentes et engag\u00e9es, le Dr Ingrid Wagner Kantuser et Renate Flagmeier du NGBK, ensemble, nous avons form\u00e9 le groupe de travail en 1985. D'autres historiens de l'art nous ont rejoints, qui ont commenc\u00e9 \u00e0 faire le point sur les collections. Le groupe de travail \u00e9tait compos\u00e9 de: Gisela Breitling - Renate Flagmeier - Susanne Gerber - Margaret Holz - Evelyn Kuwertz - Elke Messer - Julia von Randow - Ingrid Wagner-Kantuser.<br><br>Gisela et Renate Flagmeier \u00e9crivent dans l'avant-propos du catalogue LE MUS\u00c9E CACH\u00c9 1987: \u00abLes deux ann\u00e9es de recherche ont \u00e9t\u00e9 pr\u00e9c\u00e9d\u00e9es d'une lutte acharn\u00e9e pour financer le projet, qui a \u00e9t\u00e9 - pas par hasard - initi\u00e9 par les deux peintres Gisela Breitling et Evelyn Kuwertz . En tant qu'artistes du spectacle, elles ont en particulier un int\u00e9r\u00eat particulier \u00e0 rendre visible une tradition artistique f\u00e9minine et elles sont particuli\u00e8rement touch\u00e9es par le manque de mod\u00e8les f\u00e9minins.\"<br><br><h3>Fondation de l'association - Das Verborgene Museum -<\/h3>En raison des ressources financi\u00e8res limit\u00e9es disponibles et du manque de temps, seul un inventaire fragmentaire \u00e9tait possible. Au moins 600 noms et dates de vie d'artistes f\u00e9minines pourraient \u00eatre d\u00e9termin\u00e9s.Les faits \u00e9taient l\u00e0 et l'exposition avec catalogue a \u00e9t\u00e9 r\u00e9alis\u00e9e dans l'Akademie der K\u00fcnste- am Hanseatenweg. L'abondance de mat\u00e9riel et les lacunes sont devenues \u00e9videntes.Il a d\u00e9montr\u00e9 des si\u00e8cles de n\u00e9gligence, ce que nous avons compris comme un appel \u00e0 une recherche fondamentale plus approfondie qui devrait \u00eatre poursuivie sous une forme institutionnelle. Notre amie avocate, Alexandra Goy, nous a conseill\u00e9 de fonder une association \u00e0 cet effet.<br><br>Des coll\u00e8gues int\u00e9ress\u00e9es et engag\u00e9es, Gisela Breitling, Cecilia Boisi\u00e9, Alexandra Goy, Birgit Kleber, Evelyn Kuwertz, Tina Th\u00fcrmer-Rohr ont \u00e9t\u00e9 les femmes fondatrices.Par exp\u00e9rience, nous connaissons la fragilit\u00e9 de tels projets qui n'op\u00e8rent qu'en dehors des domaines institutionnels en raison d'un engagement personnel. C'est pourquoi je me r\u00e9jouis qu'avec les adieux des initiateurs: je suis \u00e0 la fin des ann\u00e9es 90, apr\u00e8s presque 30 ans d'engagement f\u00e9ministe, pour me concentrer uniquement sur mon art; Gisela, il y a quelques ann\u00e9es pour des raisons de sant\u00e9 et pour un an \u00e0 jamais - cette initiative n'a pas \u00e9chou\u00e9 mais a \u00e9t\u00e9 poursuivie avec succ\u00e8s par Elisabeth Moortgart et Marion Becker et The Hidden Museum a sa place dans les institutions culturelles de Berlin.<br><br>N\u00e9anmoins, le mus\u00e9e cach\u00e9 n'est efficace que de mani\u00e8re s\u00e9lective. Il appartient aux mus\u00e9es de mener des recherches approfondies et sp\u00e9cifiques, d'\u00e9laborer des aper\u00e7us des \u0153uvres et des curriculum vitae des femmes afin qu'ils en fassent partie int\u00e9grante. Il faut demander \u00e0 la direction du mus\u00e9e de s'assurer que les \u0153uvres des femmes artistes sont suffisamment pr\u00e9sentes.Derni\u00e8re phrase de Gisela et Renate dans l'avant-propos du catalogue:\"Les expositions f\u00e9minines ne sont pas une indication des souhaits de s\u00e9paration des femmes, mais une r\u00e9ponse \u00e0 une politique masculine d'exclusion.\"<br><br> Derni\u00e8re phrase de Gisela et Renate dans l'avant-propos du catalogue:\"Les expositions f\u00e9minines ne sont pas une indication des souhaits de s\u00e9paration des femmes, mais une r\u00e9ponse \u00e0 une politique masculine d'exclusion.\" <br><br><b>Evelyn Kuwertz, 12 mars 2019 Extrait de texte \u00e0 l'occasion de la comm\u00e9moration de GISELA BREITLING - 27.mai 1939 - 12.mars 2018 - au Verborgenes Museum Berlin<\/b><\/div><div class=\"su-expand-link su-expand-link-more\" style=\"text-align:left\"><a href=\"javascript:;\" style=\"color:#0088FF;border-color:#0088FF\"><span style=\"border-color:#0088FF\">Mehr anzeigen<\/span><\/a><\/div><div class=\"su-expand-link su-expand-link-less\" style=\"text-align:left\"><a href=\"javascript:;\" style=\"color:#0088FF;border-color:#0088FF\"><span style=\"border-color:#0088FF\">Weniger anzeigen<\/span><\/a><\/div><\/div><\/div>\n<\/div>\n<\/div>\n<div class=\"mp-row-fluid motopress-row mpce-dsbl-margin-left mpce-dsbl-margin-right\">\n<div class=\"motopress-clmn mp-span12 mpce-dsbl-margin-left mpce-dsbl-margin-right  motopress-space\">\n<div class=\"motopress-space-obj mpce-dsbl-background-image-type mpce-dsbl-background-image mpce-dsbl-background-gradient mpce-dsbl-background-position mpce-dsbl-background-position-x mpce-dsbl-background-position-y mpce-dsbl-background-repeat mpce-dsbl-background-size mpce-dsbl-background-attachment mpce-dsbl-margin-left mpce-dsbl-margin-right mpce-dsbl-background-color mpce-dsbl-border-top-width mpce-dsbl-border-bottom-width mpce-dsbl-border-left-width mpce-dsbl-border-right-width mpce-dsbl-border-top-left-radius mpce-dsbl-border-top-right-radius mpce-dsbl-border-bottom-left-radius mpce-dsbl-border-bottom-right-radius mpce-dsbl-border-style mpce-dsbl-border-color mpce-dsbl-padding-left mpce-dsbl-padding-right mpce-dsbl-margin-top mpce-dsbl-margin-bottom mpce-dsbl-color\"  style=\"min-height: 25px;\" data-min-height=\"25\"><div><\/div><\/div>\n<\/div>\n<\/div>\n<\/div>\n<\/div>\n","protected":false},"excerpt":{"rendered":"Environment Sur la situation des femmes dans la famille Groupe de projet du Universit\u00e9 de Beaux-Arts Berlin La p\u00e9riode 1968 &#8211; 1974, pendant ses \u00e9tudes au HdK (aujourd&#8217;hui UDK) Berlin, a \u00e9t\u00e9 fa\u00e7onn\u00e9e par les discussions politiques actuelles, combin\u00e9es \u00e0 une nouvelle recherche de sens en tant qu&#8217;artiste.Le professeur invit\u00e9, le Dr Georg Kiefer, a&hellip;&nbsp;<a href=\"https:\/\/evelyn-kuwertz.berlin\/fr\/expositions-dart-des-femmes\/\" class=\"\" rel=\"bookmark\">Weiterlesen &raquo;<span class=\"screen-reader-text\">Expositions d\u2019art des femmes<\/span><\/a>","protected":false},"author":1,"featured_media":0,"parent":0,"menu_order":0,"comment_status":"closed","ping_status":"closed","template":"","meta":{"neve_meta_sidebar":"","neve_meta_container":"","neve_meta_enable_content_width":"","neve_meta_content_width":0,"neve_meta_title_alignment":"","neve_meta_author_avatar":"","neve_post_elements_order":"","neve_meta_disable_header":"","neve_meta_disable_footer":"","neve_meta_disable_title":""},"_links":{"self":[{"href":"https:\/\/evelyn-kuwertz.berlin\/fr\/wp-json\/wp\/v2\/pages\/41"}],"collection":[{"href":"https:\/\/evelyn-kuwertz.berlin\/fr\/wp-json\/wp\/v2\/pages"}],"about":[{"href":"https:\/\/evelyn-kuwertz.berlin\/fr\/wp-json\/wp\/v2\/types\/page"}],"author":[{"embeddable":true,"href":"https:\/\/evelyn-kuwertz.berlin\/fr\/wp-json\/wp\/v2\/users\/1"}],"replies":[{"embeddable":true,"href":"https:\/\/evelyn-kuwertz.berlin\/fr\/wp-json\/wp\/v2\/comments?post=41"}],"version-history":[{"count":85,"href":"https:\/\/evelyn-kuwertz.berlin\/fr\/wp-json\/wp\/v2\/pages\/41\/revisions"}],"predecessor-version":[{"id":721,"href":"https:\/\/evelyn-kuwertz.berlin\/fr\/wp-json\/wp\/v2\/pages\/41\/revisions\/721"}],"wp:attachment":[{"href":"https:\/\/evelyn-kuwertz.berlin\/fr\/wp-json\/wp\/v2\/media?parent=41"}],"curies":[{"name":"wp","href":"https:\/\/api.w.org\/{rel}","templated":true}]}}